{"id":373,"date":"2023-05-03T00:49:44","date_gmt":"2023-05-02T22:49:44","guid":{"rendered":"https:\/\/eho-group.com\/?page_id=373"},"modified":"2026-02-04T12:30:58","modified_gmt":"2026-02-04T11:30:58","slug":"historia","status":"publish","type":"page","link":"https:\/\/eho-group.com\/ca\/historia\/","title":{"rendered":"Hist\u00f2ria"},"content":{"rendered":"<div data-elementor-type=\"wp-page\" data-elementor-id=\"373\" class=\"elementor elementor-373\" data-elementor-post-type=\"page\">\n\t\t\t\t\t\t<section class=\"elementor-section elementor-top-section elementor-element elementor-element-eff4177 elementor-section-stretched elementor-section-boxed elementor-section-height-default elementor-section-height-default\" data-id=\"eff4177\" data-element_type=\"section\" data-e-type=\"section\" data-settings=\"{&quot;stretch_section&quot;:&quot;section-stretched&quot;,&quot;background_background&quot;:&quot;classic&quot;}\">\n\t\t\t\t\t\t<div class=\"elementor-container elementor-column-gap-default\">\n\t\t\t\t\t<div class=\"elementor-column elementor-col-100 elementor-top-column elementor-element elementor-element-5971a58\" data-id=\"5971a58\" data-element_type=\"column\" data-e-type=\"column\">\n\t\t\t<div class=\"elementor-widget-wrap elementor-element-populated\">\n\t\t\t\t\t\t<div class=\"elementor-element elementor-element-a8453e3 elementor-widget elementor-widget-menu-anchor\" data-id=\"a8453e3\" data-element_type=\"widget\" data-e-type=\"widget\" data-widget_type=\"menu-anchor.default\">\n\t\t\t\t<div class=\"elementor-widget-container\">\n\t\t\t\t\t\t\t<div class=\"elementor-menu-anchor\" id=\"historia\"><\/div>\n\t\t\t\t\t\t<\/div>\n\t\t\t\t<\/div>\n\t\t\t\t<div class=\"elementor-element elementor-element-883fc8f elementor-widget elementor-widget-heading\" data-id=\"883fc8f\" data-element_type=\"widget\" data-e-type=\"widget\" data-widget_type=\"heading.default\">\n\t\t\t\t<div class=\"elementor-widget-container\">\n\t\t\t\t\t<h2 class=\"elementor-heading-title elementor-size-default\">La nostra Hist\u00f2ria<\/h2>\t\t\t\t<\/div>\n\t\t\t\t<\/div>\n\t\t\t\t\t<\/div>\n\t\t<\/div>\n\t\t\t\t\t<\/div>\n\t\t<\/section>\n\t\t\t\t<section class=\"elementor-section elementor-top-section elementor-element elementor-element-1466674 elementor-section-boxed elementor-section-height-default elementor-section-height-default\" data-id=\"1466674\" data-element_type=\"section\" data-e-type=\"section\">\n\t\t\t\t\t\t<div class=\"elementor-container elementor-column-gap-default\">\n\t\t\t\t\t<div class=\"elementor-column elementor-col-50 elementor-top-column elementor-element elementor-element-2a22415\" data-id=\"2a22415\" data-element_type=\"column\" data-e-type=\"column\">\n\t\t\t<div class=\"elementor-widget-wrap elementor-element-populated\">\n\t\t\t\t\t\t<div class=\"elementor-element elementor-element-da42412 elementor-widget elementor-widget-image\" data-id=\"da42412\" data-element_type=\"widget\" data-e-type=\"widget\" data-widget_type=\"image.default\">\n\t\t\t\t<div class=\"elementor-widget-container\">\n\t\t\t\t\t\t\t\t\t\t\t\t\t\t\t<img fetchpriority=\"high\" decoding=\"async\" width=\"691\" height=\"1024\" src=\"https:\/\/eho-group.com\/wp-content\/uploads\/2023\/05\/enric-hernandez-691x1024.jpeg\" class=\"attachment-large size-large wp-image-329\" alt=\"\" srcset=\"https:\/\/eho-group.com\/wp-content\/uploads\/2023\/05\/enric-hernandez-691x1024.jpeg 691w, https:\/\/eho-group.com\/wp-content\/uploads\/2023\/05\/enric-hernandez-202x300.jpeg 202w, https:\/\/eho-group.com\/wp-content\/uploads\/2023\/05\/enric-hernandez-768x1138.jpeg 768w, https:\/\/eho-group.com\/wp-content\/uploads\/2023\/05\/enric-hernandez-1036x1536.jpeg 1036w, https:\/\/eho-group.com\/wp-content\/uploads\/2023\/05\/enric-hernandez-1382x2048.jpeg 1382w, https:\/\/eho-group.com\/wp-content\/uploads\/2023\/05\/enric-hernandez-8x12.jpeg 8w, https:\/\/eho-group.com\/wp-content\/uploads\/2023\/05\/enric-hernandez.jpeg 1727w\" sizes=\"(max-width: 691px) 100vw, 691px\" \/>\t\t\t\t\t\t\t\t\t\t\t\t\t\t\t<\/div>\n\t\t\t\t<\/div>\n\t\t\t\t\t<\/div>\n\t\t<\/div>\n\t\t\t\t<div class=\"elementor-column elementor-col-50 elementor-top-column elementor-element elementor-element-3848326\" data-id=\"3848326\" data-element_type=\"column\" data-e-type=\"column\">\n\t\t\t<div class=\"elementor-widget-wrap elementor-element-populated\">\n\t\t\t\t\t\t<div class=\"elementor-element elementor-element-a89a8df elementor-widget elementor-widget-heading\" data-id=\"a89a8df\" data-element_type=\"widget\" data-e-type=\"widget\" data-widget_type=\"heading.default\">\n\t\t\t\t<div class=\"elementor-widget-container\">\n\t\t\t\t\t<h2 class=\"elementor-heading-title elementor-size-default\">Enric Hern\u00e1ndez Olivella<\/h2>\t\t\t\t<\/div>\n\t\t\t\t<\/div>\n\t\t\t\t<div class=\"elementor-element elementor-element-23c3c8e elementor-widget elementor-widget-text-editor\" data-id=\"23c3c8e\" data-element_type=\"widget\" data-e-type=\"widget\" data-widget_type=\"text-editor.default\">\n\t\t\t\t<div class=\"elementor-widget-container\">\n\t\t\t\t\t\t\t\t\t<p><em><strong>1963 \u2013 2023<br \/><\/strong>Fundador d&#039;ehogroup.\u00a0<\/em><\/p>\t\t\t\t\t\t\t\t<\/div>\n\t\t\t\t<\/div>\n\t\t\t\t\t<\/div>\n\t\t<\/div>\n\t\t\t\t\t<\/div>\n\t\t<\/section>\n\t\t\t\t<section class=\"elementor-section elementor-top-section elementor-element elementor-element-46ead60 elementor-section-boxed elementor-section-height-default elementor-section-height-default\" data-id=\"46ead60\" data-element_type=\"section\" data-e-type=\"section\">\n\t\t\t\t\t\t<div class=\"elementor-container elementor-column-gap-default\">\n\t\t\t\t\t<div class=\"elementor-column elementor-col-100 elementor-top-column elementor-element elementor-element-08dfc36\" data-id=\"08dfc36\" data-element_type=\"column\" data-e-type=\"column\">\n\t\t\t<div class=\"elementor-widget-wrap elementor-element-populated\">\n\t\t\t\t\t\t<section class=\"elementor-section elementor-inner-section elementor-element elementor-element-e4398ef elementor-section-boxed elementor-section-height-default elementor-section-height-default\" data-id=\"e4398ef\" data-element_type=\"section\" data-e-type=\"section\">\n\t\t\t\t\t\t<div class=\"elementor-container elementor-column-gap-default\">\n\t\t\t\t\t<div class=\"elementor-column elementor-col-50 elementor-inner-column elementor-element elementor-element-58b5c05\" data-id=\"58b5c05\" data-element_type=\"column\" data-e-type=\"column\">\n\t\t\t<div class=\"elementor-widget-wrap elementor-element-populated\">\n\t\t\t\t\t\t<div class=\"elementor-element elementor-element-fe164b7 elementor-widget elementor-widget-heading\" data-id=\"fe164b7\" data-element_type=\"widget\" data-e-type=\"widget\" data-widget_type=\"heading.default\">\n\t\t\t\t<div class=\"elementor-widget-container\">\n\t\t\t\t\t<h2 class=\"elementor-heading-title elementor-size-default\">1997<\/h2>\t\t\t\t<\/div>\n\t\t\t\t<\/div>\n\t\t\t\t\t<\/div>\n\t\t<\/div>\n\t\t\t\t<div class=\"elementor-column elementor-col-50 elementor-inner-column elementor-element elementor-element-23a2261\" data-id=\"23a2261\" data-element_type=\"column\" data-e-type=\"column\">\n\t\t\t<div class=\"elementor-widget-wrap elementor-element-populated\">\n\t\t\t\t\t\t<div class=\"elementor-element elementor-element-9ff0d0f elementor-widget elementor-widget-text-editor\" data-id=\"9ff0d0f\" data-element_type=\"widget\" data-e-type=\"widget\" data-widget_type=\"text-editor.default\">\n\t\t\t\t<div class=\"elementor-widget-container\">\n\t\t\t\t\t\t\t\t\t<div class=\"twae-title\"><strong>Adquisici\u00f3 de la propietat<\/strong><\/div><div class=\"twae-description\"><div class=\"page\" title=\"Page 3\"><div class=\"section\"><div class=\"layoutArea\"><div class=\"column\"><p>L'any 1983, Enric Hern\u00e1ndez Olivella va iniciar la seva activitat professional a l'\u00e0mbit hoteler i tur\u00edstic, per\u00f2 no \u00e9s fins l'any 1997 quan adquireix la propietat d'aquest hotel.<\/p><\/div><\/div><\/div><\/div><\/div>\t\t\t\t\t\t\t\t<\/div>\n\t\t\t\t<\/div>\n\t\t\t\t\t<\/div>\n\t\t<\/div>\n\t\t\t\t\t<\/div>\n\t\t<\/section>\n\t\t\t\t<section class=\"elementor-section elementor-inner-section elementor-element elementor-element-b7e76de elementor-section-boxed elementor-section-height-default elementor-section-height-default\" data-id=\"b7e76de\" data-element_type=\"section\" data-e-type=\"section\">\n\t\t\t\t\t\t<div class=\"elementor-container elementor-column-gap-default\">\n\t\t\t\t\t<div class=\"elementor-column elementor-col-50 elementor-inner-column elementor-element elementor-element-8ffe91c\" data-id=\"8ffe91c\" data-element_type=\"column\" data-e-type=\"column\">\n\t\t\t<div class=\"elementor-widget-wrap elementor-element-populated\">\n\t\t\t\t\t\t<div class=\"elementor-element elementor-element-5137e4d elementor-widget elementor-widget-heading\" data-id=\"5137e4d\" data-element_type=\"widget\" data-e-type=\"widget\" data-widget_type=\"heading.default\">\n\t\t\t\t<div class=\"elementor-widget-container\">\n\t\t\t\t\t<h2 class=\"elementor-heading-title elementor-size-default\">2011<\/h2>\t\t\t\t<\/div>\n\t\t\t\t<\/div>\n\t\t\t\t\t<\/div>\n\t\t<\/div>\n\t\t\t\t<div class=\"elementor-column elementor-col-50 elementor-inner-column elementor-element elementor-element-0a5f8da\" data-id=\"0a5f8da\" data-element_type=\"column\" data-e-type=\"column\">\n\t\t\t<div class=\"elementor-widget-wrap elementor-element-populated\">\n\t\t\t\t\t\t<div class=\"elementor-element elementor-element-d6f8551 elementor-widget elementor-widget-text-editor\" data-id=\"d6f8551\" data-element_type=\"widget\" data-e-type=\"widget\" data-widget_type=\"text-editor.default\">\n\t\t\t\t<div class=\"elementor-widget-container\">\n\t\t\t\t\t\t\t\t\t<div class=\"twae-title\"><div class=\"twae-title\"><strong>Inici expansi\u00f3 empresarial<\/strong><\/div><div class=\"twae-description\"><div class=\"page\" title=\"Page 3\"><div class=\"section\"><div class=\"layoutArea\"><div class=\"column\"><p>Inici de l'expansi\u00f3 empresarial adquirint la gesti\u00f3 de l'hotel Montemar 3* amb 250 habitacions a Pineda de Mar, executant i renovant la compra i l'actiu actual Pineda Splash 4*, posteriorment executa i renova totes les instal\u00b7lacions.<\/p><\/div><\/div><\/div><\/div><\/div><\/div>\t\t\t\t\t\t\t\t<\/div>\n\t\t\t\t<\/div>\n\t\t\t\t\t<\/div>\n\t\t<\/div>\n\t\t\t\t\t<\/div>\n\t\t<\/section>\n\t\t\t\t<section class=\"elementor-section elementor-inner-section elementor-element elementor-element-ec8c60b elementor-section-boxed elementor-section-height-default elementor-section-height-default\" data-id=\"ec8c60b\" data-element_type=\"section\" data-e-type=\"section\">\n\t\t\t\t\t\t<div class=\"elementor-container elementor-column-gap-default\">\n\t\t\t\t\t<div class=\"elementor-column elementor-col-50 elementor-inner-column elementor-element elementor-element-ae60004\" data-id=\"ae60004\" data-element_type=\"column\" data-e-type=\"column\">\n\t\t\t<div class=\"elementor-widget-wrap elementor-element-populated\">\n\t\t\t\t\t\t<div class=\"elementor-element elementor-element-249462c elementor-widget elementor-widget-heading\" data-id=\"249462c\" data-element_type=\"widget\" data-e-type=\"widget\" data-widget_type=\"heading.default\">\n\t\t\t\t<div class=\"elementor-widget-container\">\n\t\t\t\t\t<h2 class=\"elementor-heading-title elementor-size-default\">2012<\/h2>\t\t\t\t<\/div>\n\t\t\t\t<\/div>\n\t\t\t\t\t<\/div>\n\t\t<\/div>\n\t\t\t\t<div class=\"elementor-column elementor-col-50 elementor-inner-column elementor-element elementor-element-52729fb\" data-id=\"52729fb\" data-element_type=\"column\" data-e-type=\"column\">\n\t\t\t<div class=\"elementor-widget-wrap elementor-element-populated\">\n\t\t\t\t\t\t<div class=\"elementor-element elementor-element-539fc84 elementor-widget elementor-widget-text-editor\" data-id=\"539fc84\" data-element_type=\"widget\" data-e-type=\"widget\" data-widget_type=\"text-editor.default\">\n\t\t\t\t<div class=\"elementor-widget-container\">\n\t\t\t\t\t\t\t\t\t<div class=\"twae-title\"><div class=\"twae-title\"><div class=\"twae-title\"><strong>Creaci\u00f3 cadena Fergus Hotels<\/strong><\/div><div class=\"twae-description\"><div class=\"page\" title=\"Page 3\"><div class=\"section\"><div class=\"layoutArea\"><div class=\"column\"><p>Juntament amb els empresaris Joan Pascual i Pep Ca\u00f1ellas, crea la cadena hotelera Fergus Hotels, de la qual n'assumeix la direcci\u00f3 general. S'inicia la seva expansi\u00f3 entre Catalunya i les Balears.<\/p><\/div><\/div><\/div><\/div><\/div><\/div><\/div>\t\t\t\t\t\t\t\t<\/div>\n\t\t\t\t<\/div>\n\t\t\t\t\t<\/div>\n\t\t<\/div>\n\t\t\t\t\t<\/div>\n\t\t<\/section>\n\t\t\t\t<section class=\"elementor-section elementor-inner-section elementor-element elementor-element-f278112 elementor-section-boxed elementor-section-height-default elementor-section-height-default\" data-id=\"f278112\" data-element_type=\"section\" data-e-type=\"section\">\n\t\t\t\t\t\t<div class=\"elementor-container elementor-column-gap-default\">\n\t\t\t\t\t<div class=\"elementor-column elementor-col-50 elementor-inner-column elementor-element elementor-element-520bd32\" data-id=\"520bd32\" data-element_type=\"column\" data-e-type=\"column\">\n\t\t\t<div class=\"elementor-widget-wrap elementor-element-populated\">\n\t\t\t\t\t\t<div class=\"elementor-element elementor-element-9903e87 elementor-widget elementor-widget-heading\" data-id=\"9903e87\" data-element_type=\"widget\" data-e-type=\"widget\" data-widget_type=\"heading.default\">\n\t\t\t\t<div class=\"elementor-widget-container\">\n\t\t\t\t\t<h2 class=\"elementor-heading-title elementor-size-default\">2014<\/h2>\t\t\t\t<\/div>\n\t\t\t\t<\/div>\n\t\t\t\t\t<\/div>\n\t\t<\/div>\n\t\t\t\t<div class=\"elementor-column elementor-col-50 elementor-inner-column elementor-element elementor-element-a77f18d\" data-id=\"a77f18d\" data-element_type=\"column\" data-e-type=\"column\">\n\t\t\t<div class=\"elementor-widget-wrap elementor-element-populated\">\n\t\t\t\t\t\t<div class=\"elementor-element elementor-element-e7695fb elementor-widget elementor-widget-text-editor\" data-id=\"e7695fb\" data-element_type=\"widget\" data-e-type=\"widget\" data-widget_type=\"text-editor.default\">\n\t\t\t\t<div class=\"elementor-widget-container\">\n\t\t\t\t\t\t\t\t\t<div class=\"twae-title\"><div class=\"twae-title\"><div class=\"twae-title\"><div class=\"twae-title\"><strong>Expansi\u00f3 de Fergus Hotels<\/strong><\/div><div class=\"twae-description\"><div class=\"page\" title=\"Page 3\"><div class=\"section\"><div class=\"layoutArea\"><div class=\"column\"><p>Expansi\u00f3 de Fergus Hotels, aconseguint una xifra de negoci de 29 MM \u20ac, finalitzant el 2014 amb un total de 14 hotels i 2500 habitacions.<\/p><\/div><\/div><\/div><\/div><\/div><\/div><\/div><\/div>\t\t\t\t\t\t\t\t<\/div>\n\t\t\t\t<\/div>\n\t\t\t\t\t<\/div>\n\t\t<\/div>\n\t\t\t\t\t<\/div>\n\t\t<\/section>\n\t\t\t\t<section class=\"elementor-section elementor-inner-section elementor-element elementor-element-4f8f0b5 elementor-section-boxed elementor-section-height-default elementor-section-height-default\" data-id=\"4f8f0b5\" data-element_type=\"section\" data-e-type=\"section\">\n\t\t\t\t\t\t<div class=\"elementor-container elementor-column-gap-default\">\n\t\t\t\t\t<div class=\"elementor-column elementor-col-50 elementor-inner-column elementor-element elementor-element-7fb2546\" data-id=\"7fb2546\" data-element_type=\"column\" data-e-type=\"column\">\n\t\t\t<div class=\"elementor-widget-wrap elementor-element-populated\">\n\t\t\t\t\t\t<div class=\"elementor-element elementor-element-2d8a5e3 elementor-widget elementor-widget-heading\" data-id=\"2d8a5e3\" data-element_type=\"widget\" data-e-type=\"widget\" data-widget_type=\"heading.default\">\n\t\t\t\t<div class=\"elementor-widget-container\">\n\t\t\t\t\t<h2 class=\"elementor-heading-title elementor-size-default\">2016<\/h2>\t\t\t\t<\/div>\n\t\t\t\t<\/div>\n\t\t\t\t\t<\/div>\n\t\t<\/div>\n\t\t\t\t<div class=\"elementor-column elementor-col-50 elementor-inner-column elementor-element elementor-element-2c7ff6f\" data-id=\"2c7ff6f\" data-element_type=\"column\" data-e-type=\"column\">\n\t\t\t<div class=\"elementor-widget-wrap elementor-element-populated\">\n\t\t\t\t\t\t<div class=\"elementor-element elementor-element-e87b57d elementor-widget elementor-widget-text-editor\" data-id=\"e87b57d\" data-element_type=\"widget\" data-e-type=\"widget\" data-widget_type=\"text-editor.default\">\n\t\t\t\t<div class=\"elementor-widget-container\">\n\t\t\t\t\t\t\t\t\t<div class=\"twae-title\"><div class=\"twae-title\"><div class=\"twae-title\"><div class=\"twae-title\"><div class=\"twae-title\"><strong>Desvinculaci\u00f3 de Fergus Hotels<\/strong><\/div><div class=\"twae-description\"><div class=\"page\" title=\"Page 3\"><div class=\"section\"><div class=\"layoutArea\"><div class=\"column\"><p>Els empresaris Enric Hern\u00e1ndez i Joan Pascual es desvinculen de Fergus Hotels per crear una nova cadena hotelera.<\/p><\/div><\/div><\/div><\/div><\/div><\/div><\/div><\/div><\/div>\t\t\t\t\t\t\t\t<\/div>\n\t\t\t\t<\/div>\n\t\t\t\t\t<\/div>\n\t\t<\/div>\n\t\t\t\t\t<\/div>\n\t\t<\/section>\n\t\t\t\t<section class=\"elementor-section elementor-inner-section elementor-element elementor-element-c8450d8 elementor-section-boxed elementor-section-height-default elementor-section-height-default\" data-id=\"c8450d8\" data-element_type=\"section\" data-e-type=\"section\">\n\t\t\t\t\t\t<div class=\"elementor-container elementor-column-gap-default\">\n\t\t\t\t\t<div class=\"elementor-column elementor-col-50 elementor-inner-column elementor-element elementor-element-41d790d\" data-id=\"41d790d\" data-element_type=\"column\" data-e-type=\"column\">\n\t\t\t<div class=\"elementor-widget-wrap elementor-element-populated\">\n\t\t\t\t\t\t<div class=\"elementor-element elementor-element-83395e1 elementor-widget elementor-widget-heading\" data-id=\"83395e1\" data-element_type=\"widget\" data-e-type=\"widget\" data-widget_type=\"heading.default\">\n\t\t\t\t<div class=\"elementor-widget-container\">\n\t\t\t\t\t<h2 class=\"elementor-heading-title elementor-size-default\">2017<\/h2>\t\t\t\t<\/div>\n\t\t\t\t<\/div>\n\t\t\t\t\t<\/div>\n\t\t<\/div>\n\t\t\t\t<div class=\"elementor-column elementor-col-50 elementor-inner-column elementor-element elementor-element-9c5368b\" data-id=\"9c5368b\" data-element_type=\"column\" data-e-type=\"column\">\n\t\t\t<div class=\"elementor-widget-wrap elementor-element-populated\">\n\t\t\t\t\t\t<div class=\"elementor-element elementor-element-14dada1 elementor-widget elementor-widget-text-editor\" data-id=\"14dada1\" data-element_type=\"widget\" data-e-type=\"widget\" data-widget_type=\"text-editor.default\">\n\t\t\t\t<div class=\"elementor-widget-container\">\n\t\t\t\t\t\t\t\t\t<div class=\"twae-title\"><div class=\"twae-title\"><div class=\"twae-title\"><div class=\"twae-title\"><div class=\"twae-title\"><strong>Creaci\u00f3 cadena Alegria Hotels<\/strong><\/div><div class=\"twae-description\"><div class=\"page\" title=\"Page 3\"><div class=\"section\"><div class=\"layoutArea\"><div class=\"column\"><p>Creaci\u00f3 de la cadena hotelera Alegria Hotels juntament amb Joan Pascual, continuant tamb\u00e9 amb la direcci\u00f3 general d'aquesta, iniciant la seva expansi\u00f3 a la pen\u00ednsula, finalitzant el seu primer any de vida amb 17 hotels, generant una xifra de negoci de<br \/>35 MM\u20ac<\/p><\/div><\/div><\/div><\/div><\/div><\/div><\/div><\/div><\/div>\t\t\t\t\t\t\t\t<\/div>\n\t\t\t\t<\/div>\n\t\t\t\t\t<\/div>\n\t\t<\/div>\n\t\t\t\t\t<\/div>\n\t\t<\/section>\n\t\t\t\t<section class=\"elementor-section elementor-inner-section elementor-element elementor-element-91ea674 elementor-section-boxed elementor-section-height-default elementor-section-height-default\" data-id=\"91ea674\" data-element_type=\"section\" data-e-type=\"section\">\n\t\t\t\t\t\t<div class=\"elementor-container elementor-column-gap-default\">\n\t\t\t\t\t<div class=\"elementor-column elementor-col-50 elementor-inner-column elementor-element elementor-element-9bf833c\" data-id=\"9bf833c\" data-element_type=\"column\" data-e-type=\"column\">\n\t\t\t<div class=\"elementor-widget-wrap elementor-element-populated\">\n\t\t\t\t\t\t<div class=\"elementor-element elementor-element-260e40b elementor-widget elementor-widget-heading\" data-id=\"260e40b\" data-element_type=\"widget\" data-e-type=\"widget\" data-widget_type=\"heading.default\">\n\t\t\t\t<div class=\"elementor-widget-container\">\n\t\t\t\t\t<h2 class=\"elementor-heading-title elementor-size-default\">2019<\/h2>\t\t\t\t<\/div>\n\t\t\t\t<\/div>\n\t\t\t\t\t<\/div>\n\t\t<\/div>\n\t\t\t\t<div class=\"elementor-column elementor-col-50 elementor-inner-column elementor-element elementor-element-7c58cf8\" data-id=\"7c58cf8\" data-element_type=\"column\" data-e-type=\"column\">\n\t\t\t<div class=\"elementor-widget-wrap elementor-element-populated\">\n\t\t\t\t\t\t<div class=\"elementor-element elementor-element-07f3f0b elementor-widget elementor-widget-text-editor\" data-id=\"07f3f0b\" data-element_type=\"widget\" data-e-type=\"widget\" data-widget_type=\"text-editor.default\">\n\t\t\t\t<div class=\"elementor-widget-container\">\n\t\t\t\t\t\t\t\t\t<div class=\"twae-title\"><div class=\"twae-title\"><div class=\"twae-title\"><div class=\"twae-title\"><div class=\"twae-title\"><div class=\"twae-title\"><strong>Desvinculaci\u00f3 cadena Alegria Hotels<\/strong><\/div><div class=\"twae-description\"><div class=\"page\" title=\"Page 3\"><div class=\"section\"><div class=\"layoutArea\"><div class=\"column\"><p>En acabar la temporada tur\u00edstica, Enric Hern\u00e1ndez es desvincula de la cadena Alegria Hotels per crear el seu propi grup empresarial.<\/p><\/div><\/div><\/div><\/div><\/div><\/div><\/div><\/div><\/div><\/div>\t\t\t\t\t\t\t\t<\/div>\n\t\t\t\t<\/div>\n\t\t\t\t\t<\/div>\n\t\t<\/div>\n\t\t\t\t\t<\/div>\n\t\t<\/section>\n\t\t\t\t<section class=\"elementor-section elementor-inner-section elementor-element elementor-element-27a8b1e elementor-section-boxed elementor-section-height-default elementor-section-height-default\" data-id=\"27a8b1e\" data-element_type=\"section\" data-e-type=\"section\">\n\t\t\t\t\t\t<div class=\"elementor-container elementor-column-gap-default\">\n\t\t\t\t\t<div class=\"elementor-column elementor-col-50 elementor-inner-column elementor-element elementor-element-2f0d6db\" data-id=\"2f0d6db\" data-element_type=\"column\" data-e-type=\"column\">\n\t\t\t<div class=\"elementor-widget-wrap elementor-element-populated\">\n\t\t\t\t\t\t<div class=\"elementor-element elementor-element-45117a9 elementor-widget elementor-widget-heading\" data-id=\"45117a9\" data-element_type=\"widget\" data-e-type=\"widget\" data-widget_type=\"heading.default\">\n\t\t\t\t<div class=\"elementor-widget-container\">\n\t\t\t\t\t<h2 class=\"elementor-heading-title elementor-size-default\">2020<\/h2>\t\t\t\t<\/div>\n\t\t\t\t<\/div>\n\t\t\t\t\t<\/div>\n\t\t<\/div>\n\t\t\t\t<div class=\"elementor-column elementor-col-50 elementor-inner-column elementor-element elementor-element-53b7f27\" data-id=\"53b7f27\" data-element_type=\"column\" data-e-type=\"column\">\n\t\t\t<div class=\"elementor-widget-wrap elementor-element-populated\">\n\t\t\t\t\t\t<div class=\"elementor-element elementor-element-7b6ea4d elementor-widget elementor-widget-text-editor\" data-id=\"7b6ea4d\" data-element_type=\"widget\" data-e-type=\"widget\" data-widget_type=\"text-editor.default\">\n\t\t\t\t<div class=\"elementor-widget-container\">\n\t\t\t\t\t\t\t\t\t<div class=\"twae-title\"><div class=\"twae-title\"><div class=\"twae-title\"><div class=\"twae-title\"><div class=\"twae-title\"><div class=\"twae-title\"><div class=\"twae-title\"><strong>Creaci\u00f3 ehogroup<\/strong><\/div><div class=\"twae-description\"><div class=\"page\" title=\"Page 3\"><div class=\"section\"><div class=\"layoutArea\"><div class=\"column\"><p>Creaci\u00f3 d'ehogroup, amb la figura d'Enric Hern\u00e1ndez com a propietari i director general. Comen\u00e7a la seva pr\u00f2pia aventura empresarial amb 7 hotels.\u00a0<\/p><\/div><\/div><\/div><\/div><\/div><\/div><\/div><\/div><\/div><\/div><\/div>\t\t\t\t\t\t\t\t<\/div>\n\t\t\t\t<\/div>\n\t\t\t\t\t<\/div>\n\t\t<\/div>\n\t\t\t\t\t<\/div>\n\t\t<\/section>\n\t\t\t\t<section class=\"elementor-section elementor-inner-section elementor-element elementor-element-a78a883 elementor-section-boxed elementor-section-height-default elementor-section-height-default\" data-id=\"a78a883\" data-element_type=\"section\" data-e-type=\"section\">\n\t\t\t\t\t\t<div class=\"elementor-container elementor-column-gap-default\">\n\t\t\t\t\t<div class=\"elementor-column elementor-col-50 elementor-inner-column elementor-element elementor-element-0879ead\" data-id=\"0879ead\" data-element_type=\"column\" data-e-type=\"column\">\n\t\t\t<div class=\"elementor-widget-wrap elementor-element-populated\">\n\t\t\t\t\t\t<div class=\"elementor-element elementor-element-0d7eaf4 elementor-widget elementor-widget-heading\" data-id=\"0d7eaf4\" data-element_type=\"widget\" data-e-type=\"widget\" data-widget_type=\"heading.default\">\n\t\t\t\t<div class=\"elementor-widget-container\">\n\t\t\t\t\t<h2 class=\"elementor-heading-title elementor-size-default\">2022<\/h2>\t\t\t\t<\/div>\n\t\t\t\t<\/div>\n\t\t\t\t\t<\/div>\n\t\t<\/div>\n\t\t\t\t<div class=\"elementor-column elementor-col-50 elementor-inner-column elementor-element elementor-element-7da948f\" data-id=\"7da948f\" data-element_type=\"column\" data-e-type=\"column\">\n\t\t\t<div class=\"elementor-widget-wrap elementor-element-populated\">\n\t\t\t\t\t\t<div class=\"elementor-element elementor-element-dd2cd35 elementor-widget elementor-widget-text-editor\" data-id=\"dd2cd35\" data-element_type=\"widget\" data-e-type=\"widget\" data-widget_type=\"text-editor.default\">\n\t\t\t\t<div class=\"elementor-widget-container\">\n\t\t\t\t\t\t\t\t\t<div class=\"twae-title\"><div class=\"twae-title\"><div class=\"twae-title\"><div class=\"twae-title\"><div class=\"twae-title\"><div class=\"twae-title\"><div class=\"twae-title\"><div class=\"twae-title\"><strong>Expansi\u00f3 ehogroup<\/strong><\/div><div class=\"twae-description\"><div class=\"page\" title=\"Page 3\"><div class=\"section\"><div class=\"layoutArea\"><div class=\"column\"><p>Tot i la crisi social, sanit\u00e0ria i econ\u00f2mica provocada per la pand\u00e8mia de la Covid-19, ehogroup s'ha mantingut i ha seguit la seva expansi\u00f3 empresarial aconseguint 7 hotels, la creaci\u00f3 d'una l\u00ednia d'apartaments i una l\u00ednia gastron\u00f2mica.<\/p><\/div><\/div><\/div><\/div><\/div><\/div><\/div><\/div><\/div><\/div><\/div><\/div>\t\t\t\t\t\t\t\t<\/div>\n\t\t\t\t<\/div>\n\t\t\t\t\t<\/div>\n\t\t<\/div>\n\t\t\t\t\t<\/div>\n\t\t<\/section>\n\t\t\t\t<section class=\"elementor-section elementor-inner-section elementor-element elementor-element-0d6c963 elementor-section-boxed elementor-section-height-default elementor-section-height-default\" data-id=\"0d6c963\" data-element_type=\"section\" data-e-type=\"section\">\n\t\t\t\t\t\t<div class=\"elementor-container elementor-column-gap-default\">\n\t\t\t\t\t<div class=\"elementor-column elementor-col-50 elementor-inner-column elementor-element elementor-element-b0eb46f\" data-id=\"b0eb46f\" data-element_type=\"column\" data-e-type=\"column\">\n\t\t\t<div class=\"elementor-widget-wrap elementor-element-populated\">\n\t\t\t\t\t\t<div class=\"elementor-element elementor-element-71b7af9 elementor-widget elementor-widget-heading\" data-id=\"71b7af9\" data-element_type=\"widget\" data-e-type=\"widget\" data-widget_type=\"heading.default\">\n\t\t\t\t<div class=\"elementor-widget-container\">\n\t\t\t\t\t<h2 class=\"elementor-heading-title elementor-size-default\">2023<\/h2>\t\t\t\t<\/div>\n\t\t\t\t<\/div>\n\t\t\t\t\t<\/div>\n\t\t<\/div>\n\t\t\t\t<div class=\"elementor-column elementor-col-50 elementor-inner-column elementor-element elementor-element-2c76fbd\" data-id=\"2c76fbd\" data-element_type=\"column\" data-e-type=\"column\">\n\t\t\t<div class=\"elementor-widget-wrap elementor-element-populated\">\n\t\t\t\t\t\t<div class=\"elementor-element elementor-element-5a32dc0 elementor-widget elementor-widget-text-editor\" data-id=\"5a32dc0\" data-element_type=\"widget\" data-e-type=\"widget\" data-widget_type=\"text-editor.default\">\n\t\t\t\t<div class=\"elementor-widget-container\">\n\t\t\t\t\t\t\t\t\t<div class=\"twae-title\">\n<div class=\"twae-title\">\n<div class=\"twae-title\">\n<div class=\"twae-title\">\n<div class=\"twae-title\">\n<div class=\"twae-title\">\n<div class=\"twae-title\">\n<div class=\"twae-title\"><strong>Alfonso Ruiz pren el comandament<\/strong><\/div>\n<div class=\"twae-description\">\n<div class=\"page\" title=\"Page 3\">\n<div class=\"section\">\n<div class=\"layoutArea\">\n<div class=\"column\">\n<p>Despr\u00e9s de la p\u00e8rdua del president, Alfonso Ruiz assumeix el relleu de la companyia per continuar amb l?expansi\u00f3 del grup. Aquest any, s&#039;adquireixen en gesti\u00f3 els apartaments Binivell Park, situats a l&#039;emblem\u00e0tic Binibeca Vell (Menorca).<\/p>\n<\/div>\n<\/div>\n<\/div>\n<\/div>\n<\/div>\n<\/div>\n<\/div>\n<\/div>\n<\/div>\n<\/div>\n<\/div>\n<\/div>\t\t\t\t\t\t\t\t<\/div>\n\t\t\t\t<\/div>\n\t\t\t\t\t<\/div>\n\t\t<\/div>\n\t\t\t\t\t<\/div>\n\t\t<\/section>\n\t\t\t\t<section class=\"elementor-section elementor-inner-section elementor-element elementor-element-4c38854 elementor-section-boxed elementor-section-height-default elementor-section-height-default\" data-id=\"4c38854\" data-element_type=\"section\" data-e-type=\"section\">\n\t\t\t\t\t\t<div class=\"elementor-container elementor-column-gap-default\">\n\t\t\t\t\t<div class=\"elementor-column elementor-col-50 elementor-inner-column elementor-element elementor-element-138261f\" data-id=\"138261f\" data-element_type=\"column\" data-e-type=\"column\">\n\t\t\t<div class=\"elementor-widget-wrap elementor-element-populated\">\n\t\t\t\t\t\t<div class=\"elementor-element elementor-element-ab8b2dc elementor-widget elementor-widget-heading\" data-id=\"ab8b2dc\" data-element_type=\"widget\" data-e-type=\"widget\" data-widget_type=\"heading.default\">\n\t\t\t\t<div class=\"elementor-widget-container\">\n\t\t\t\t\t<h2 class=\"elementor-heading-title elementor-size-default\">2024<\/h2>\t\t\t\t<\/div>\n\t\t\t\t<\/div>\n\t\t\t\t\t<\/div>\n\t\t<\/div>\n\t\t\t\t<div class=\"elementor-column elementor-col-50 elementor-inner-column elementor-element elementor-element-330538b\" data-id=\"330538b\" data-element_type=\"column\" data-e-type=\"column\">\n\t\t\t<div class=\"elementor-widget-wrap elementor-element-populated\">\n\t\t\t\t\t\t<div class=\"elementor-element elementor-element-d39fe41 elementor-widget elementor-widget-text-editor\" data-id=\"d39fe41\" data-element_type=\"widget\" data-e-type=\"widget\" data-widget_type=\"text-editor.default\">\n\t\t\t\t<div class=\"elementor-widget-container\">\n\t\t\t\t\t\t\t\t\t<div class=\"twae-title\"><div class=\"twae-title\"><div class=\"twae-title\"><div class=\"twae-title\"><div class=\"twae-title\"><div class=\"twae-title\"><div class=\"twae-title\"><div class=\"twae-title\"><strong>Expansi\u00f3 a M\u00farcia<\/strong><\/div><div class=\"twae-description\"><div class=\"page\" title=\"Page 3\"><div class=\"section\"><div class=\"layoutArea\"><div class=\"column\"><p><i><span style=\"font-weight: 400;\">Ehogroup s&#039;expandeix a M\u00farcia i llan\u00e7a la nova l\u00ednia d&#039;assessorament a tercers.<\/span><\/i><\/p><\/div><\/div><\/div><\/div><\/div><\/div><\/div><\/div><\/div><\/div><\/div><\/div>\t\t\t\t\t\t\t\t<\/div>\n\t\t\t\t<\/div>\n\t\t\t\t\t<\/div>\n\t\t<\/div>\n\t\t\t\t\t<\/div>\n\t\t<\/section>\n\t\t\t\t<section class=\"elementor-section elementor-inner-section elementor-element elementor-element-4b994e7 elementor-section-boxed elementor-section-height-default elementor-section-height-default\" data-id=\"4b994e7\" data-element_type=\"section\" data-e-type=\"section\">\n\t\t\t\t\t\t<div class=\"elementor-container elementor-column-gap-default\">\n\t\t\t\t\t<div class=\"elementor-column elementor-col-50 elementor-inner-column elementor-element elementor-element-24ba537\" data-id=\"24ba537\" data-element_type=\"column\" data-e-type=\"column\">\n\t\t\t<div class=\"elementor-widget-wrap elementor-element-populated\">\n\t\t\t\t\t\t<div class=\"elementor-element elementor-element-b53e8fb elementor-widget elementor-widget-heading\" data-id=\"b53e8fb\" data-element_type=\"widget\" data-e-type=\"widget\" data-widget_type=\"heading.default\">\n\t\t\t\t<div class=\"elementor-widget-container\">\n\t\t\t\t\t<h2 class=\"elementor-heading-title elementor-size-default\">2025<\/h2>\t\t\t\t<\/div>\n\t\t\t\t<\/div>\n\t\t\t\t\t<\/div>\n\t\t<\/div>\n\t\t\t\t<div class=\"elementor-column elementor-col-50 elementor-inner-column elementor-element elementor-element-d914364\" data-id=\"d914364\" data-element_type=\"column\" data-e-type=\"column\">\n\t\t\t<div class=\"elementor-widget-wrap elementor-element-populated\">\n\t\t\t\t\t\t<div class=\"elementor-element elementor-element-2873a3d elementor-widget elementor-widget-text-editor\" data-id=\"2873a3d\" data-element_type=\"widget\" data-e-type=\"widget\" data-widget_type=\"text-editor.default\">\n\t\t\t\t<div class=\"elementor-widget-container\">\n\t\t\t\t\t\t\t\t\t<div class=\"twae-title\"><div class=\"twae-title\"><div class=\"twae-title\"><div class=\"twae-title\"><div class=\"twae-title\"><div class=\"twae-title\"><div class=\"twae-title\"><div class=\"twae-title\"><strong>Expansi\u00f3 a M\u00farcia<\/strong><\/div><div class=\"twae-description\"><div class=\"page\" title=\"Page 3\"><div class=\"section\"><div class=\"layoutArea\"><div class=\"column\"><p><i><span style=\"font-weight: 400;\">Consolidaci\u00f3 de l&#039;estructura corporativa d&#039;ehogroup i ampliaci\u00f3 de la pres\u00e8ncia nacional amb nous projectes estrat\u00e8gics.<\/span><\/i><\/p><\/div><\/div><\/div><\/div><\/div><\/div><\/div><\/div><\/div><\/div><\/div><\/div>\t\t\t\t\t\t\t\t<\/div>\n\t\t\t\t<\/div>\n\t\t\t\t\t<\/div>\n\t\t<\/div>\n\t\t\t\t\t<\/div>\n\t\t<\/section>\n\t\t\t\t\t<\/div>\n\t\t<\/div>\n\t\t\t\t\t<\/div>\n\t\t<\/section>\n\t\t\t\t<\/div>","protected":false},"excerpt":{"rendered":"<p>Nuestra Historia Enric Hern\u00e1ndez Olivella 1963 &#8211; 2023Fundador de ehogroup.\u00a0 1997 Adquisici\u00f3n de la propiedad En el an\u0303o 1983, Enric Herna\u0301ndez Olivella inicio\u0301 su actividad profesional en el a\u0301mbito hotelero y turi\u0301stico, pero no es hasta el an\u0303o 1997 cuando adquiere la propiedad de dicho hotel. 2011 Inicio expansi\u00f3n empresarial Inicio de la expansio\u0301n empresarial [&hellip;]<\/p>\n","protected":false},"author":1,"featured_media":0,"parent":0,"menu_order":0,"comment_status":"closed","ping_status":"closed","template":"","meta":{"footnotes":""},"class_list":["post-373","page","type-page","status-publish","hentry"],"yoast_head":"<!-- This site is optimized with the Yoast SEO plugin v27.5 - https:\/\/yoast.com\/product\/yoast-seo-wordpress\/ -->\n<title>Historia - ehogroup<\/title>\n<meta name=\"robots\" content=\"index, follow, max-snippet:-1, max-image-preview:large, max-video-preview:-1\" \/>\n<link rel=\"canonical\" href=\"https:\/\/eho-group.com\/ca\/historia\/\" \/>\n<meta property=\"og:locale\" content=\"ca_ES\" \/>\n<meta property=\"og:type\" content=\"article\" \/>\n<meta property=\"og:title\" content=\"Historia - ehogroup\" \/>\n<meta property=\"og:description\" content=\"Nuestra Historia Enric Hern\u00e1ndez Olivella 1963 &#8211; 2023Fundador de ehogroup.\u00a0 1997 Adquisici\u00f3n de la propiedad En el an\u0303o 1983, Enric Herna\u0301ndez Olivella inicio\u0301 su actividad profesional en el a\u0301mbito hotelero y turi\u0301stico, pero no es hasta el an\u0303o 1997 cuando adquiere la propiedad de dicho hotel. 2011 Inicio expansi\u00f3n empresarial Inicio de la expansio\u0301n empresarial [&hellip;]\" \/>\n<meta property=\"og:url\" content=\"https:\/\/eho-group.com\/ca\/historia\/\" \/>\n<meta property=\"og:site_name\" content=\"ehogroup\" \/>\n<meta property=\"article:modified_time\" content=\"2026-02-04T11:30:58+00:00\" \/>\n<meta property=\"og:image\" content=\"https:\/\/eho-group.com\/wp-content\/uploads\/2023\/05\/enric-hernandez.jpeg\" \/>\n\t<meta property=\"og:image:width\" content=\"1727\" \/>\n\t<meta property=\"og:image:height\" content=\"2560\" \/>\n\t<meta property=\"og:image:type\" content=\"image\/jpeg\" \/>\n<meta name=\"twitter:card\" content=\"summary_large_image\" \/>\n<meta name=\"twitter:label1\" content=\"Temps estimat de lectura\" \/>\n\t<meta name=\"twitter:data1\" content=\"3 minuts\" \/>\n<script type=\"application\/ld+json\" class=\"yoast-schema-graph\">{\"@context\":\"https:\\\/\\\/schema.org\",\"@graph\":[{\"@type\":\"WebPage\",\"@id\":\"https:\\\/\\\/eho-group.com\\\/historia\\\/\",\"url\":\"https:\\\/\\\/eho-group.com\\\/historia\\\/\",\"name\":\"Historia - ehogroup\",\"isPartOf\":{\"@id\":\"https:\\\/\\\/eho-group.com\\\/#website\"},\"primaryImageOfPage\":{\"@id\":\"https:\\\/\\\/eho-group.com\\\/historia\\\/#primaryimage\"},\"image\":{\"@id\":\"https:\\\/\\\/eho-group.com\\\/historia\\\/#primaryimage\"},\"thumbnailUrl\":\"https:\\\/\\\/eho-group.com\\\/wp-content\\\/uploads\\\/2023\\\/05\\\/enric-hernandez-691x1024.jpeg\",\"datePublished\":\"2023-05-02T22:49:44+00:00\",\"dateModified\":\"2026-02-04T11:30:58+00:00\",\"breadcrumb\":{\"@id\":\"https:\\\/\\\/eho-group.com\\\/historia\\\/#breadcrumb\"},\"inLanguage\":\"ca\",\"potentialAction\":[{\"@type\":\"ReadAction\",\"target\":[\"https:\\\/\\\/eho-group.com\\\/historia\\\/\"]}]},{\"@type\":\"ImageObject\",\"inLanguage\":\"ca\",\"@id\":\"https:\\\/\\\/eho-group.com\\\/historia\\\/#primaryimage\",\"url\":\"https:\\\/\\\/eho-group.com\\\/wp-content\\\/uploads\\\/2023\\\/05\\\/enric-hernandez-691x1024.jpeg\",\"contentUrl\":\"https:\\\/\\\/eho-group.com\\\/wp-content\\\/uploads\\\/2023\\\/05\\\/enric-hernandez-691x1024.jpeg\"},{\"@type\":\"BreadcrumbList\",\"@id\":\"https:\\\/\\\/eho-group.com\\\/historia\\\/#breadcrumb\",\"itemListElement\":[{\"@type\":\"ListItem\",\"position\":1,\"name\":\"Portada\",\"item\":\"https:\\\/\\\/eho-group.com\\\/\"},{\"@type\":\"ListItem\",\"position\":2,\"name\":\"Historia\"}]},{\"@type\":\"WebSite\",\"@id\":\"https:\\\/\\\/eho-group.com\\\/#website\",\"url\":\"https:\\\/\\\/eho-group.com\\\/\",\"name\":\"ehogroup\",\"description\":\"\",\"publisher\":{\"@id\":\"https:\\\/\\\/eho-group.com\\\/#organization\"},\"potentialAction\":[{\"@type\":\"SearchAction\",\"target\":{\"@type\":\"EntryPoint\",\"urlTemplate\":\"https:\\\/\\\/eho-group.com\\\/?s={search_term_string}\"},\"query-input\":{\"@type\":\"PropertyValueSpecification\",\"valueRequired\":true,\"valueName\":\"search_term_string\"}}],\"inLanguage\":\"ca\"},{\"@type\":\"Organization\",\"@id\":\"https:\\\/\\\/eho-group.com\\\/#organization\",\"name\":\"ehogroup\",\"url\":\"https:\\\/\\\/eho-group.com\\\/\",\"logo\":{\"@type\":\"ImageObject\",\"inLanguage\":\"ca\",\"@id\":\"https:\\\/\\\/eho-group.com\\\/#\\\/schema\\\/logo\\\/image\\\/\",\"url\":\"https:\\\/\\\/eho-group.com\\\/wp-content\\\/uploads\\\/2023\\\/04\\\/cropped-logo-ehogroup-01.webp\",\"contentUrl\":\"https:\\\/\\\/eho-group.com\\\/wp-content\\\/uploads\\\/2023\\\/04\\\/cropped-logo-ehogroup-01.webp\",\"width\":1080,\"height\":276,\"caption\":\"ehogroup\"},\"image\":{\"@id\":\"https:\\\/\\\/eho-group.com\\\/#\\\/schema\\\/logo\\\/image\\\/\"}}]}<\/script>\n<!-- \/ Yoast SEO plugin. -->","yoast_head_json":{"title":"Historia - ehogroup","robots":{"index":"index","follow":"follow","max-snippet":"max-snippet:-1","max-image-preview":"max-image-preview:large","max-video-preview":"max-video-preview:-1"},"canonical":"https:\/\/eho-group.com\/ca\/historia\/","og_locale":"ca_ES","og_type":"article","og_title":"Historia - ehogroup","og_description":"Nuestra Historia Enric Hern\u00e1ndez Olivella 1963 &#8211; 2023Fundador de ehogroup.\u00a0 1997 Adquisici\u00f3n de la propiedad En el an\u0303o 1983, Enric Herna\u0301ndez Olivella inicio\u0301 su actividad profesional en el a\u0301mbito hotelero y turi\u0301stico, pero no es hasta el an\u0303o 1997 cuando adquiere la propiedad de dicho hotel. 2011 Inicio expansi\u00f3n empresarial Inicio de la expansio\u0301n empresarial [&hellip;]","og_url":"https:\/\/eho-group.com\/ca\/historia\/","og_site_name":"ehogroup","article_modified_time":"2026-02-04T11:30:58+00:00","og_image":[{"width":1727,"height":2560,"url":"https:\/\/eho-group.com\/wp-content\/uploads\/2023\/05\/enric-hernandez.jpeg","type":"image\/jpeg"}],"twitter_card":"summary_large_image","twitter_misc":{"Temps estimat de lectura":"3 minuts"},"schema":{"@context":"https:\/\/schema.org","@graph":[{"@type":"WebPage","@id":"https:\/\/eho-group.com\/historia\/","url":"https:\/\/eho-group.com\/historia\/","name":"Historia - ehogroup","isPartOf":{"@id":"https:\/\/eho-group.com\/#website"},"primaryImageOfPage":{"@id":"https:\/\/eho-group.com\/historia\/#primaryimage"},"image":{"@id":"https:\/\/eho-group.com\/historia\/#primaryimage"},"thumbnailUrl":"https:\/\/eho-group.com\/wp-content\/uploads\/2023\/05\/enric-hernandez-691x1024.jpeg","datePublished":"2023-05-02T22:49:44+00:00","dateModified":"2026-02-04T11:30:58+00:00","breadcrumb":{"@id":"https:\/\/eho-group.com\/historia\/#breadcrumb"},"inLanguage":"ca","potentialAction":[{"@type":"ReadAction","target":["https:\/\/eho-group.com\/historia\/"]}]},{"@type":"ImageObject","inLanguage":"ca","@id":"https:\/\/eho-group.com\/historia\/#primaryimage","url":"https:\/\/eho-group.com\/wp-content\/uploads\/2023\/05\/enric-hernandez-691x1024.jpeg","contentUrl":"https:\/\/eho-group.com\/wp-content\/uploads\/2023\/05\/enric-hernandez-691x1024.jpeg"},{"@type":"BreadcrumbList","@id":"https:\/\/eho-group.com\/historia\/#breadcrumb","itemListElement":[{"@type":"ListItem","position":1,"name":"Portada","item":"https:\/\/eho-group.com\/"},{"@type":"ListItem","position":2,"name":"Historia"}]},{"@type":"WebSite","@id":"https:\/\/eho-group.com\/#website","url":"https:\/\/eho-group.com\/","name":"ehogroup","description":"","publisher":{"@id":"https:\/\/eho-group.com\/#organization"},"potentialAction":[{"@type":"SearchAction","target":{"@type":"EntryPoint","urlTemplate":"https:\/\/eho-group.com\/?s={search_term_string}"},"query-input":{"@type":"PropertyValueSpecification","valueRequired":true,"valueName":"search_term_string"}}],"inLanguage":"ca"},{"@type":"Organization","@id":"https:\/\/eho-group.com\/#organization","name":"ehogroup","url":"https:\/\/eho-group.com\/","logo":{"@type":"ImageObject","inLanguage":"ca","@id":"https:\/\/eho-group.com\/#\/schema\/logo\/image\/","url":"https:\/\/eho-group.com\/wp-content\/uploads\/2023\/04\/cropped-logo-ehogroup-01.webp","contentUrl":"https:\/\/eho-group.com\/wp-content\/uploads\/2023\/04\/cropped-logo-ehogroup-01.webp","width":1080,"height":276,"caption":"ehogroup"},"image":{"@id":"https:\/\/eho-group.com\/#\/schema\/logo\/image\/"}}]}},"_links":{"self":[{"href":"https:\/\/eho-group.com\/ca\/wp-json\/wp\/v2\/pages\/373","targetHints":{"allow":["GET"]}}],"collection":[{"href":"https:\/\/eho-group.com\/ca\/wp-json\/wp\/v2\/pages"}],"about":[{"href":"https:\/\/eho-group.com\/ca\/wp-json\/wp\/v2\/types\/page"}],"author":[{"embeddable":true,"href":"https:\/\/eho-group.com\/ca\/wp-json\/wp\/v2\/users\/1"}],"replies":[{"embeddable":true,"href":"https:\/\/eho-group.com\/ca\/wp-json\/wp\/v2\/comments?post=373"}],"version-history":[{"count":56,"href":"https:\/\/eho-group.com\/ca\/wp-json\/wp\/v2\/pages\/373\/revisions"}],"predecessor-version":[{"id":2081,"href":"https:\/\/eho-group.com\/ca\/wp-json\/wp\/v2\/pages\/373\/revisions\/2081"}],"wp:attachment":[{"href":"https:\/\/eho-group.com\/ca\/wp-json\/wp\/v2\/media?parent=373"}],"curies":[{"name":"wp","href":"https:\/\/api.w.org\/{rel}","templated":true}]}}